
{"id":384,"date":"2015-03-04T15:17:28","date_gmt":"2015-03-04T15:17:28","guid":{"rendered":"http:\/\/henin-beaumont.fr\/site\/?page_id=384"},"modified":"2024-07-16T16:49:31","modified_gmt":"2024-07-16T14:49:31","slug":"384-2","status":"publish","type":"page","link":"https:\/\/www.henin-beaumont.fr\/site\/384-2\/","title":{"rendered":"Garderies\/restauration"},"content":{"rendered":"<p><img loading=\"lazy\" decoding=\"async\" class=\"alignnone size-full wp-image-3924 aligncenter\" src=\"http:\/\/www.henin-beaumont.fr\/site\/wp-content\/uploads\/2015\/03\/Sans-titre-4.png\" alt=\"Sans-titre---4\" width=\"687\" height=\"68\" srcset=\"https:\/\/www.henin-beaumont.fr\/site\/wp-content\/uploads\/2015\/03\/Sans-titre-4.png 687w, https:\/\/www.henin-beaumont.fr\/site\/wp-content\/uploads\/2015\/03\/Sans-titre-4-600x59.png 600w\" sizes=\"auto, (max-width: 687px) 100vw, 687px\" \/><\/p>\n<p>&nbsp;<\/p>\n<p>&nbsp;<\/p>\n<p>&nbsp;<\/p>\n<p>&nbsp;<\/p>\n<p><a href=\"https:\/\/www.henin-beaumont.fr\/site\/wp-content\/uploads\/2024\/07\/Dossier-Famille-2024-2025.pdf\"><img loading=\"lazy\" decoding=\"async\" class=\"aligncenter wp-image-7621 size-full\" src=\"http:\/\/www.henin-beaumont.fr\/site\/wp-content\/uploads\/2021\/05\/Sans-titre-9.png\" alt=\"\" width=\"425\" height=\"85\" \/><\/a><\/p>\n<p>&nbsp;<\/p>\n<p>Depuis la rentr\u00e9e, les modalit\u00e9s de r\u00e9servation de la cantine scolaire et du centre du mercredi ont \u00e9volu\u00e9 pour vous proposer des services encore plus efficaces. D\u00e9sormais, il faudra r\u00e9server ou modifier votre r\u00e9servation AVANT le jeudi minuit pour la semaine SUIVANTE. Il est toujours possible d\u2019anticiper une inscription au mois ou \u00e0 l\u2019ann\u00e9e. Pour cela, c\u2019est tr\u00e8s simple, il suffit de vous rendre sur le \u00ab Portail famille \u00bb par le biais de l\u2019espace citoyen : www.espace-citoyens.net\/heninbeaumont ou au guichet du Service Education-Jeunesse, 143 Avenue des Fusill\u00e9s. Pour toutes questions, n\u2019h\u00e9sitez pas \u00e0 contacter le Service Education-Jeunesse au 03 21 74 91 91 (du lundi au vendredi de 8 h 30 \u00e0 12 h et de 13 h 30 \u00e0 17 h 15) ou \u00e0 l\u2019adresse restaurationscolaire@mairie-heninbeaumont.fr.<\/p>\n<p>&nbsp;<\/p>\n<table border=\"0\" width=\"778\" cellspacing=\"0\" cellpadding=\"0\">\n<tbody>\n<tr>\n<td><img loading=\"lazy\" decoding=\"async\" src=\"http:\/\/henin-beaumont.fr\/site\/wp-content\/uploads\/2015\/03\/centresmercredi.png\" alt=\"\" width=\"778\" height=\"36\" \/><\/td>\n<\/tr>\n<tr>\n<td>\n<table border=\"0\" width=\"778\" cellspacing=\"0\" cellpadding=\"0\">\n<tbody>\n<tr>\n<td width=\"135\"><img loading=\"lazy\" decoding=\"async\" src=\"http:\/\/henin-beaumont.fr\/site\/wp-content\/uploads\/2015\/03\/centresmer.png\" alt=\"\" width=\"120\" height=\"314\" \/><\/td>\n<td width=\"643\">Les centres ou accueils du mercredi fonctionnent tous les mercredis de 9 h \u00e0 12 h et de 14 h \u00e0 17 h, ils accueillent vos enfants de 3 \u00e0 14 ans, \u00e0 l\u2019\u00e9cole Falli\u00e8res. Les Accueils du mercredi aident votre enfant \u00e0 d\u00e9couvrir son environnement naturel et \u00e0 travailler sur sa socialisation. Le projet p\u00e9dagogique est \u00e9galement ax\u00e9 sur l\u2019autonomie de l\u2019enfant : \u00e0 travers les activit\u00e9s propos\u00e9es, votre enfant est amen\u00e9 \u00e0 affirmer sa personnalit\u00e9, son esprit d\u2019initiative, et son esprit critique. Les actions organis\u00e9es favorisent le d\u00e9veloppement de l\u2019imagination, des sens, de la motricit\u00e9, de l\u2019expression, de la m\u00e9moire, de la sociabilit\u00e9, de la confiance en soi\u2026Un service de garderie (service payant) est \u00e9galement mis \u00e0 votre disposition de 7 h \u00e0 9 h et\/ou de 17 h \u00e0 19 h. Les inscriptions se font au Service Jeunesse, avant le jeudi minuit, pour la semaine suivante.<\/p>\n<h2>Tarifs<\/h2>\n<p>Le tarif est calcul\u00e9 en fonction du quotient familial de votre caisse d&rsquo;allocation familiale.<\/p>\n<p><strong>Tarif A<\/strong> : Famille h\u00e9ninoise dont le quotient familial est inf\u00e9rieur \u00e0 1400<\/p>\n<p><strong>Tarif B<\/strong> : Famille h\u00e9ninoise dont le quotient familial est sup\u00e9rieur \u00e0 1400<\/p>\n<p><strong>Tarif C<\/strong> : Famille non h\u00e9ninoise dont le quotient familial est inf\u00e9rieur \u00e0 1400<\/p>\n<p><strong>Tarif D<\/strong> : Famille non h\u00e9ninoise dont le quotient familial est sup\u00e9rieur \u00e0 1400<\/td>\n<\/tr>\n<\/tbody>\n<\/table>\n<\/td>\n<\/tr>\n<tr>\n<td>\n<table border=\"0\" width=\"778\" cellspacing=\"0\" cellpadding=\"0\">\n<tbody>\n<tr>\n<td align=\"center\" bgcolor=\"#95c11e\"><\/td>\n<td align=\"center\" bgcolor=\"#95c11e\">TARIF A<\/td>\n<td align=\"center\" bgcolor=\"#95c11e\">TARIF B<\/td>\n<td align=\"center\" bgcolor=\"#95c11e\">TARIF C<\/td>\n<td align=\"center\" bgcolor=\"#95c11e\">TARIF D<\/td>\n<\/tr>\n<tr>\n<td align=\"center\" bgcolor=\"#cdcdcd\"><\/td>\n<td align=\"center\"><\/td>\n<td align=\"center\"><\/td>\n<td align=\"center\"><\/td>\n<td align=\"center\"><\/td>\n<\/tr>\n<tr>\n<td align=\"center\" bgcolor=\"#cdcdcd\">Demi-journ\u00e9e sans restauration<\/td>\n<td align=\"center\">2.25 \u20ac<\/td>\n<td align=\"center\">3.10 \u20ac<\/td>\n<td align=\"center\">4.50 \u20ac<\/td>\n<td align=\"center\">5.00 \u20ac<\/td>\n<\/tr>\n<tr>\n<td align=\"center\" bgcolor=\"#cdcdcd\">Repas consomm\u00e9 et r\u00e9serv\u00e9 dans les d\u00e9lais impartis<\/td>\n<td align=\"center\">2.95 \u20ac<\/td>\n<td align=\"center\">3.30 \u20ac<\/td>\n<td align=\"center\">4.30 \u20ac<\/td>\n<td align=\"center\">4.60 \u20ac<\/td>\n<\/tr>\n<tr>\n<td align=\"center\" bgcolor=\"#cdcdcd\">Repas consomm\u00e9 et non r\u00e9serv\u00e9 dans les d\u00e9lais impartis<\/td>\n<td align=\"center\">4.50 \u20ac<\/td>\n<td align=\"center\">5.00 \u20ac<\/td>\n<td align=\"center\">6.50 \u20ac<\/td>\n<td align=\"center\">6.90 \u20ac<\/td>\n<\/tr>\n<tr>\n<td align=\"center\" bgcolor=\"#cdcdcd\">Restauration \/ Projet d\u2019Accueil Individualis\u00e9 avec r\u00e9servation<\/td>\n<td align=\"center\">1.00 \u20ac<\/td>\n<td align=\"center\">1.30 \u20ac<\/td>\n<td align=\"center\">2.30 \u20ac<\/td>\n<td align=\"center\">2.60 \u20ac<\/td>\n<\/tr>\n<tr>\n<td align=\"center\" bgcolor=\"#cdcdcd\">Accueil p\u00e9riscolaire (matin ou soir)<\/td>\n<td align=\"center\">1.90 \u20ac<\/td>\n<td align=\"center\">2.65 \u20ac<\/td>\n<td align=\"center\">3.20 \u20ac<\/td>\n<td align=\"center\">3.70 \u20ac<\/td>\n<\/tr>\n<tr>\n<td align=\"center\" bgcolor=\"#cdcdcd\">Forfait \u00e0 la journ\u00e9e (repas compris) r\u00e9serv\u00e9e dans les d\u00e9lais impartis<\/td>\n<td align=\"center\">6.70 \u20ac<\/td>\n<td align=\"center\">8.55 \u20ac<\/td>\n<td align=\"center\">12.00 \u20ac<\/td>\n<td align=\"center\">13.30 \u20ac<\/td>\n<\/tr>\n<tr>\n<td align=\"center\" bgcolor=\"#cdcdcd\">Forfait \u00e0 la journ\u00e9e (repas compris) non r\u00e9serv\u00e9e dans les d\u00e9lais impartis<\/td>\n<td align=\"center\">8.10 \u20ac<\/td>\n<td align=\"center\">10.10 \u20ac<\/td>\n<td align=\"center\">13.95 \u20ac<\/td>\n<td align=\"center\">15.20 \u20ac<\/td>\n<\/tr>\n<\/tbody>\n<\/table>\n<h2><\/h2>\n<h2>Pi\u00e8ces \u00e0 joindre au dossier d&rsquo;inscription<\/h2>\n<p><span style=\"text-decoration: underline; color: #000000;\">Dossier\u00a0\u00e0 retirer au Service Education-Jeunesse<\/span><\/p>\n<ul>\n<li style=\"list-style-type: none;\">\n<ul>\n<li>copie de l&rsquo;attestation de s\u00e9curit\u00e9 sociale et de mutuelle ;<\/li>\n<li>copie de l&rsquo;assurance scolaire ou responsabilit\u00e9 civile ;<\/li>\n<li>copie du carnet de vaccinations \u00e0 jour ;<\/li>\n<li>copie de l&rsquo;attestation de quotient familial (CAF) ;<\/li>\n<li>copie de la derni\u00e8re notification d&rsquo;aides aux temps libres.<\/li>\n<\/ul>\n<\/li>\n<\/ul>\n<\/td>\n<\/tr>\n<\/tbody>\n<tbody>\n<tr>\n<td>&nbsp;<\/p>\n<p><img loading=\"lazy\" decoding=\"async\" src=\"http:\/\/henin-beaumont.fr\/site\/wp-content\/uploads\/2015\/03\/garderies1.png\" alt=\"\" width=\"778\" height=\"36\" \/><\/td>\n<\/tr>\n<tr>\n<td>\n<table border=\"0\" width=\"778\" cellspacing=\"0\" cellpadding=\"0\">\n<tbody>\n<tr>\n<td width=\"135\"><img loading=\"lazy\" decoding=\"async\" class=\"\" src=\"http:\/\/henin-beaumont.fr\/site\/wp-content\/uploads\/2015\/03\/GARDERIE.png\" alt=\"\" width=\"136\" height=\"356\" \/><\/td>\n<td width=\"643\">Les accueils p\u00e9riscolaires, que l\u2019on appelle plus commun\u00e9ment les \u00ab garderies \u00bb, sont ouverts les lundis, mardis, jeudis et vendredis de 7 h \u00e0 9 h et de 17 h \u00e0 19 h. Pour b\u00e9n\u00e9ficier de ce service, compl\u00e9tez le dossier d\u2019inscription, t\u00e9l\u00e9chargeable \u00e0 droite de votre \u00e9cran, ou \u00e0 retirer au Service Education Jeunesse.<\/p>\n<p><strong>Service Education-Jeunesse<\/strong><\/p>\n<p>143 Avenue des Fusill\u00e9s<\/p>\n<p>Horaires : 8 h 30 \u00e0 12 h et de 13 h 30 \u00e0 17 h 15<\/p>\n<p><strong>Tarifs<\/strong><\/p>\n<p>Le tarif journalier de la garderie est calcul\u00e9 en fonction du quotient familial :<\/p>\n<p>Tarifs A \u2013 B \u2013 C \u2013 D<\/p>\n<p>Les tarifs garderies apparaissent avec la grille des tarifs des accueils du mercredi.<\/p>\n<h2>Pi\u00e8ces \u00e0 joindre au dossier<\/h2>\n<ul>\n<li style=\"list-style-type: none;\">\n<ul>\n<li>copie de l&rsquo;attestation de s\u00e9curit\u00e9 sociale et de mutuelle ;<\/li>\n<li>copie de l&rsquo;assurance scolaire ou responsabilit\u00e9 civile ;<\/li>\n<li>copie du carnet de vaccinations \u00e0 jour ;<\/li>\n<li>copie du dernier avis d&rsquo;imposition de l&rsquo;attestation de quotient familial (CAF) ;<\/li>\n<li>copie de la derni\u00e8re notification d&rsquo;aides aux temps libres ;<\/li>\n<li>copie d&rsquo;un justificatif de domicile de moins de 3 mois.<\/li>\n<\/ul>\n<\/li>\n<\/ul>\n<p>&nbsp;<\/td>\n<\/tr>\n<\/tbody>\n<\/table>\n<\/td>\n<\/tr>\n<\/tbody>\n<\/table>\n<table border=\"0\" width=\"778\" cellspacing=\"0\" cellpadding=\"0\">\n<tbody>\n<tr>\n<td align=\"center\" bgcolor=\"#95c11e\"><\/td>\n<td align=\"center\" bgcolor=\"#95c11e\">TARIF A<\/td>\n<td align=\"center\" bgcolor=\"#95c11e\">TARIF B<\/td>\n<td align=\"center\" bgcolor=\"#95c11e\">TARIF C<\/td>\n<td align=\"center\" bgcolor=\"#95c11e\">TARIF D<\/td>\n<\/tr>\n<tr>\n<td align=\"center\" bgcolor=\"#cdcdcd\">Accueil p\u00e9riscolaire (matin ou soir)<\/td>\n<td align=\"center\">1.90\u20ac<\/td>\n<td align=\"center\">2.65\u20ac<\/td>\n<td align=\"center\">3.20\u20ac<\/td>\n<td align=\"center\">3.70\u20ac<\/td>\n<\/tr>\n<\/tbody>\n<\/table>\n<p>&nbsp;<\/p>\n<p><img loading=\"lazy\" decoding=\"async\" src=\"http:\/\/henin-beaumont.fr\/site\/wp-content\/uploads\/2015\/03\/restoscolaire.png\" alt=\"\" width=\"778\" height=\"36\" \/><\/p>\n<table border=\"0\" width=\"778\" cellspacing=\"0\" cellpadding=\"0\">\n<tbody>\n<tr>\n<td width=\"134\"><img loading=\"lazy\" decoding=\"async\" src=\"http:\/\/henin-beaumont.fr\/site\/wp-content\/uploads\/2015\/03\/RE.png\" alt=\"\" width=\"120\" height=\"314\" \/><\/td>\n<td width=\"644\">Chaque enfant scolaris\u00e9 \u00e0 H\u00e9nin-Beaumont peut b\u00e9n\u00e9ficier du service de restauration scolaire. La soci\u00e9t\u00e9 Dupont restauration livre les repas dans l&rsquo;ensemble des satellites de restauration scolaire de la ville. Pour b\u00e9n\u00e9ficier de ce service, compl\u00e9tez le dossier d&rsquo;inscription disponible \u00e0 droite de votre \u00e9cran ou \u00e0 retirer au Service Education-Jeunesse.<\/p>\n<p>Les inscriptions se font avant le jeudi minuit, pour la semaine suivante.<\/p>\n<p><strong>Service Education-Jeunesse<\/strong><\/p>\n<p>143 Avenue des Fusill\u00e9s<\/p>\n<p>8 h 30 \u00e0 12 h et de 13 h 30 \u00e0 17 h 15<\/p>\n<p><abbr title=\"T\u00e9l\u00e9phone\">T\u00e9l<\/abbr> . : 03 21 74 91 91<\/p>\n<p>&nbsp;<\/p>\n<h2>Tarifs<\/h2>\n<p>Le tarif des r\u00e9servations de cantine est calcul\u00e9 en fonction du quotient familial : Tarifs A \u2013 B \u2013 C \u2013 D (et tarif \u00ab enseignant \u00bb).<\/p>\n<p><strong>Tarif A<\/strong> : Famille h\u00e9ninoise dont le quotient familial est inf\u00e9rieur \u00e0 1400<\/p>\n<p><strong>Tarif B<\/strong> : Famille h\u00e9ninoise dont le quotient familial est sup\u00e9rieur \u00e0 1400<\/p>\n<p><strong>Tarif C<\/strong> : Famille non h\u00e9ninoise dont le quotient familial est inf\u00e9rieur \u00e0 1400<\/p>\n<p><strong>Tarif D<\/strong> : Famille non h\u00e9ninoise dont le quotient familial est sup\u00e9rieur \u00e0 1400<\/td>\n<\/tr>\n<\/tbody>\n<\/table>\n<table border=\"0\" width=\"778\" cellspacing=\"0\" cellpadding=\"0\">\n<tbody>\n<tr>\n<td align=\"center\" bgcolor=\"#95c11e\"><\/td>\n<td align=\"center\" bgcolor=\"#95c11e\">TARIF A<\/td>\n<td align=\"center\" bgcolor=\"#95c11e\">TARIF B<\/td>\n<td align=\"center\" bgcolor=\"#95c11e\">TARIF C<\/td>\n<td align=\"center\" bgcolor=\"#95c11e\">TARIF D<\/td>\n<td align=\"center\" bgcolor=\"#95c11e\"><\/td>\n<\/tr>\n<tr>\n<td align=\"center\" bgcolor=\"#cdcdcd\">Repas consomm\u00e9 et r\u00e9serv\u00e9 dans les d\u00e9lais impartis<\/td>\n<td align=\"center\">2.95 \u20ac<\/td>\n<td align=\"center\">3.30 \u20ac<\/td>\n<td align=\"center\">4.30 \u20ac<\/td>\n<td align=\"center\">4.60 \u20ac<\/td>\n<td align=\"center\"><\/td>\n<\/tr>\n<tr>\n<td align=\"center\" bgcolor=\"#cdcdcd\">Repas non consomm\u00e9 et r\u00e9serv\u00e9 dans les d\u00e9lais impartis<\/td>\n<td align=\"center\">2,95 \u20ac<\/td>\n<td align=\"center\">3.30 \u20ac<\/td>\n<td align=\"center\">4.30 \u20ac<\/td>\n<td align=\"center\">4.60 \u20ac<\/td>\n<td align=\"center\"><\/td>\n<\/tr>\n<tr>\n<td align=\"center\" bgcolor=\"#cdcdcd\">Repas consomm\u00e9 et non r\u00e9serv\u00e9 dans les d\u00e9lais impartis<\/td>\n<td align=\"center\">4.50\u00a0\u20ac<\/td>\n<td align=\"center\">5.00 \u20ac<\/td>\n<td align=\"center\">6.50\u00a0\u20ac<\/td>\n<td align=\"center\">6.90\u00a0\u20ac<\/td>\n<td align=\"center\"><\/td>\n<\/tr>\n<tr>\n<td align=\"center\" bgcolor=\"#cdcdcd\">Projet d&rsquo;Accueil Individualis\u00e9<\/td>\n<td align=\"center\">1.00 \u20ac<\/td>\n<td align=\"center\">1.30 \u20ac<\/td>\n<td align=\"center\">2.30 \u20ac<\/td>\n<td align=\"center\">2.60 \u20ac<\/td>\n<td align=\"center\"><\/td>\n<\/tr>\n<\/tbody>\n<\/table>\n<p>En cas d\u2019absence de votre enfant en cantine, veuillez fournir un justificatif, sinon le repas sera factur\u00e9. Le justificatif peut \u00eatre transmis directement au Service Education-Jeunesse ou par mail \u00e0 l\u2019adresse suivante: restaurationscolaire@mairie-heninbeaumont.fr<\/p>\n<p>En cas de pr\u00e9sence non r\u00e9serv\u00e9e en cantine dans les d\u00e9lais impartis, le tarif sera major\u00e9 et le repas fourni sera un repas dans les stocks disponibles.<\/p>\n<h2>Pi\u00e8ces \u00e0 joindre au dossier d&rsquo;inscription<\/h2>\n<ul type=\"disc\">\n<li style=\"list-style-type: none;\">\n<ul type=\"disc\">\n<li>copie de l&rsquo;attestation de s\u00e9curit\u00e9 sociale et de mutuelle ;<\/li>\n<li>copie de l&rsquo;assurance scolaire ou responsabilit\u00e9 civile ;<\/li>\n<li>copie du carnet de vaccinations \u00e0 jour ;<\/li>\n<li>copie de l&rsquo;attestation de quotient familial (CAF) ;<\/li>\n<li>copie de la derni\u00e8re notification d&rsquo;aides aux temps libres ;<\/li>\n<li>copie d&rsquo;un justificatif de domicile de moins de 3 mois.<\/li>\n<\/ul>\n<\/li>\n<\/ul>\n<p>&nbsp;<\/p>\n","protected":false},"excerpt":{"rendered":"<p>&nbsp; &nbsp; &nbsp; &nbsp; &nbsp; Depuis la rentr\u00e9e, les modalit\u00e9s de r\u00e9servation de la cantine scolaire et du centre du mercredi ont \u00e9volu\u00e9 pour vous proposer des services encore plus efficaces. D\u00e9sormais, il faudra r\u00e9server ou modifier votre r\u00e9servation AVANT le jeudi minuit pour la semaine SUIVANTE. Il est toujours possible d\u2019anticiper une inscription au [&hellip;]<\/p>\n","protected":false},"author":1,"featured_media":0,"parent":0,"menu_order":0,"comment_status":"closed","ping_status":"closed","template":"template-mairie.php","meta":{"footnotes":""},"class_list":["post-384","page","type-page","status-publish","hentry"],"_links":{"self":[{"href":"https:\/\/www.henin-beaumont.fr\/site\/wp-json\/wp\/v2\/pages\/384","targetHints":{"allow":["GET"]}}],"collection":[{"href":"https:\/\/www.henin-beaumont.fr\/site\/wp-json\/wp\/v2\/pages"}],"about":[{"href":"https:\/\/www.henin-beaumont.fr\/site\/wp-json\/wp\/v2\/types\/page"}],"author":[{"embeddable":true,"href":"https:\/\/www.henin-beaumont.fr\/site\/wp-json\/wp\/v2\/users\/1"}],"replies":[{"embeddable":true,"href":"https:\/\/www.henin-beaumont.fr\/site\/wp-json\/wp\/v2\/comments?post=384"}],"version-history":[{"count":54,"href":"https:\/\/www.henin-beaumont.fr\/site\/wp-json\/wp\/v2\/pages\/384\/revisions"}],"predecessor-version":[{"id":10521,"href":"https:\/\/www.henin-beaumont.fr\/site\/wp-json\/wp\/v2\/pages\/384\/revisions\/10521"}],"wp:attachment":[{"href":"https:\/\/www.henin-beaumont.fr\/site\/wp-json\/wp\/v2\/media?parent=384"}],"curies":[{"name":"wp","href":"https:\/\/api.w.org\/{rel}","templated":true}]}}