
{"id":228,"date":"2015-02-17T10:38:59","date_gmt":"2015-02-17T10:38:59","guid":{"rendered":"http:\/\/henin-beaumont.fr\/site\/?page_id=228"},"modified":"2025-07-30T16:48:24","modified_gmt":"2025-07-30T14:48:24","slug":"conservatoire-de-musique","status":"publish","type":"page","link":"https:\/\/www.henin-beaumont.fr\/site\/conservatoire-de-musique\/","title":{"rendered":"Ecole municipale de musique Michel Polnareff"},"content":{"rendered":"<p>&nbsp;<\/p>\n<p>&nbsp;<\/p>\n<p><img loading=\"lazy\" decoding=\"async\" class=\"size-full wp-image-9483 aligncenter\" src=\"http:\/\/www.henin-beaumont.fr\/site\/wp-content\/uploads\/2023\/04\/Sans-titre-1.png\" alt=\"\" width=\"660\" height=\"107\" srcset=\"https:\/\/www.henin-beaumont.fr\/site\/wp-content\/uploads\/2023\/04\/Sans-titre-1.png 660w, https:\/\/www.henin-beaumont.fr\/site\/wp-content\/uploads\/2023\/04\/Sans-titre-1-600x97.png 600w\" sizes=\"auto, (max-width: 660px) 100vw, 660px\" \/><\/p>\n<p>&nbsp;<\/p>\n<p style=\"text-align: center;\">Maison Anne Frank<\/p>\n<p style=\"text-align: center;\">Avenue Brigitte Bardot<\/p>\n<p style=\"text-align: center;\">03 21 76 84 16<br \/>\necoledemusique@mairie-heninbeaumont.fr<\/p>\n<p>&nbsp;<\/p>\n<p style=\"text-align: center;\">Horaires d&rsquo;accueil de secr\u00e9tariat :<\/p>\n<p style=\"text-align: center;\">lundi de 8 h 30 \u00e0 12 h et de 13 h 30 \u00e0 17 h 30<\/p>\n<p style=\"text-align: center;\">mardi et vendredi de 8 h 30 \u00e0 12 h et de 13 h 30 \u00e0 17 h 15<\/p>\n<p style=\"text-align: center;\">mercredi de 14 h \u00e0 18 h<\/p>\n<p style=\"text-align: center;\">jeudi de 14 h \u00e0 17 h 15<\/p>\n<p>&nbsp;<\/p>\n<p>&nbsp;<\/p>\n<h3><span style=\"color: #99cc00;\"><strong><u>DOCUMENTS A\u00a0<\/u><\/strong><\/span><span style=\"color: #99cc00;\"><b><u>T\u00c9L\u00c9CHARGER<\/u><\/b><\/span><\/h3>\n<ul>\n<li><a href=\"https:\/\/www.henin-beaumont.fr\/site\/wp-content\/uploads\/2025\/06\/BULLETIN-d-INSCRIPTION-2025-2026-\u00e9cole-municipale-de-musique-dH\u00e9nin-Beaumont-.pdf\">Inscription ann\u00e9e scolaire 2025-2026<\/a><\/li>\n<li><a href=\"https:\/\/www.henin-beaumont.fr\/site\/wp-content\/uploads\/2025\/06\/H\u00e9nin-Beaumont-fixation-des-tarifs-de-l\u00e9cole-municipale-de-musique-2025-2026.pdf\">Fixation des tarifs 2025-2026<\/a><\/li>\n<li><a href=\"https:\/\/www.henin-beaumont.fr\/site\/wp-content\/uploads\/2025\/06\/Tarifs-2025-2026-Ecole-Municipale-de-Musique-dH\u00e9nin-Beaumont.pdf\">Tarifs<\/a><\/li>\n<li><a href=\"https:\/\/www.henin-beaumont.fr\/site\/wp-content\/uploads\/2025\/06\/Pre-inscription-2025-2026-EMM.pdf\">Pr\u00e9-inscription 2025-2026<\/a><\/li>\n<li><a href=\"https:\/\/www.henin-beaumont.fr\/site\/wp-content\/uploads\/2018\/03\/REGLEMENT-des-Etudes-EMM-Document-d\u00e9finitif.pdf\">R\u00e8glements des \u00e9tudes<\/a><\/li>\n<li><a href=\"https:\/\/www.henin-beaumont.fr\/site\/wp-content\/uploads\/2018\/03\/REGLEMENT-INTERIEUR-Document-d\u00e9finitif.pdf\">R\u00e8glement int\u00e9rieur<\/a><\/li>\n<\/ul>\n<p>&nbsp;<\/p>\n<p>&nbsp;<\/p>\n<h3 class=\"x_MsoNormal\"><b><u data-olk-copy-source=\"MessageBody\">INFOS PRATIQUES \u2013 Rentr\u00e9e scolaire 2025\/2026<\/u><\/b><\/h3>\n<p class=\"x_MsoNormal\"><u>Mercredi 20 ao\u00fbt\u00a0:<\/u>\u00a0r\u00e9ouverture du secr\u00e9tariat, 8h30\/12h \u2013 13h15\/17h<\/p>\n<p class=\"x_MsoNormal\"><u>Droit d\u2019inscription (non remboursable)\u00a0:<\/u>\u00a0\u00e0 r\u00e9gler aupr\u00e8s du secr\u00e9tariat entre le 20 ao\u00fbt et le 1<sup>er<\/sup>\u00a0septembre 2025 \u2013 10\u20ac ou gratuit selon conditions<\/p>\n<p class=\"x_MsoNormal\">Le non -paiement de ce droit annule la r\u00e9servation de la place.<\/p>\n<p class=\"x_MsoNormal\"><u>Droit de scolarit\u00e9\u00a0et location d\u2019instrument :<\/u>\u00a0\u00e0 r\u00e9gler entre le 15 septembre et le 17 octobre (Cf. Tarifs saison 2025\/2026)<\/p>\n<p class=\"x_MsoNormal\"><u>Pass\u2019culture\u00a0:<\/u>\u00a030\u20ac : demandes, conditions, infos\u00a0:\u00a0<a id=\"LPlnk331340\" title=\"http:\/\/www.agglo-henincarvin.fr\" href=\"http:\/\/www.agglo-henincarvin.fr\/\" data-auth=\"NotApplicable\" data-linkindex=\"0\">www.agglo-henincarvin.fr<\/a><\/p>\n<p>&nbsp;<\/p>\n<table class=\"table-transparent\" style=\"height: 568px;\" width=\"1122\">\n<tbody>\n<tr>\n<td style=\"text-align: right;\"><strong><u>Lundi 8 et mardi 9 septembre\u00a0:<\/u><\/strong><\/td>\n<td>\n<ul>\n<li>rencontre parents\/\u00e9l\u00e8ves avec les professeurs, mise en place des horaires de cours des \u00e9l\u00e8ves<\/li>\n<li>(planning d\u00e9taill\u00e9 par instrument affich\u00e9 dans l\u2019\u00e9cole \u00e0 compter du 3 septembre)<\/li>\n<\/ul>\n<\/td>\n<\/tr>\n<tr>\n<td style=\"text-align: right;\"><strong><u>Mercredi 10 septembre\u00a0:<\/u><\/strong><\/td>\n<td>\u00a0reprise des cours d\u2019instruments<\/td>\n<\/tr>\n<tr>\n<td style=\"text-align: right;\"><strong><u>Jeudi 11 septembre\u00a0:<\/u><\/strong><\/td>\n<td>reprise de l\u2019Ensemble Vocal Adulte, 12h20 \u00e0 13h30, auditorium, 1<sup>er<\/sup>\u00a0\u00e9tage<\/td>\n<\/tr>\n<tr>\n<td style=\"text-align: right;\"><strong><u>Vendredi 12 septembre<\/u>\u00a0:\u00a0<\/strong><\/td>\n<td>reprise de l\u2019Orchestre d\u2019Harmonie, 18h30 \u00e0 20h, auditorium, 1<sup>er<\/sup>\u00a0\u00e9tage<\/td>\n<\/tr>\n<tr>\n<td style=\"text-align: right;\"><strong><u>Samedi 13 septembre<\/u>\u00a0:\u00a0<\/strong><\/td>\n<td>reprise de l\u2019Orchestre \u00e0 vents du 1<sup>er<\/sup>\u00a0cycle, 11h \u00e0 12h, auditorium, 1<sup>er<\/sup>\u00a0\u00e9tage<\/td>\n<\/tr>\n<tr>\n<td style=\"text-align: right;\"><strong><u>Lundi 15 septembre<\/u>\u00a0:\u00a0<\/strong><\/td>\n<td>reprise de l\u2019Orchestre \u00e0 cordes, 18h15 \u00e0 19h45, auditorium, 1<sup>er<\/sup>\u00a0\u00e9tage<\/td>\n<\/tr>\n<tr>\n<td style=\"text-align: right;\"><strong><u>Mardi 16 septembre<\/u>\u00a0:\u00a0<\/strong><\/td>\n<td>rencontre des parents des enfants inscrits en \u00e9veil musical, 17h30 \u00e0 18h15, salle d\u2019Eveil, RdeC<\/td>\n<\/tr>\n<tr>\n<td style=\"text-align: right;\"><strong><u>Mercredi 17 septembre<\/u>\u00a0:<\/strong><\/td>\n<td>\n<ul>\n<li class=\"x_MsoNormal\">rencontre des parents des enfants inscrits en \u00e9veil musical, 9h45 \u00e0 10h30 \/ 14h30 \u00e0 15h15, salle d\u2019Eveil, RdeC<\/li>\n<li class=\"x_MsoNormal\">reprise des cours de FM 1C1\/1C2\/1C3\/1C4 (horaires d\u00e9taill\u00e9s ci-dessous)<\/li>\n<\/ul>\n<\/td>\n<\/tr>\n<tr>\n<td style=\"text-align: right;\"><strong><u>Jeudi 18 septembre<\/u>\u00a0:\u00a0<\/strong><\/td>\n<td>reprise de l\u2019atelier des musiques actuelles, 19h30 \u00e0 21h, auditorium, 1<sup>er<\/sup>\u00a0\u00e9tage<\/td>\n<\/tr>\n<tr>\n<td style=\"text-align: right;\"><strong><u>Samedi 20 septembre<\/u>\u00a0:\u00a0<\/strong><\/td>\n<td>r\u00e9union des \u00e9l\u00e8ves de FM 2C4 et 3C1, 9h30 \u00e0 12h, salle Chopin, RdeC<\/td>\n<\/tr>\n<tr>\n<td style=\"text-align: right;\"><strong><u>Lundi 22 septembre<\/u>\u00a0:\u00a0<\/strong><\/td>\n<td>reprise du cours de FM 2C1 de 18h \u00e0 19h30, salle Chopin, RdeC<\/td>\n<\/tr>\n<tr>\n<td style=\"text-align: right;\"><strong><u>Mardi 23 septembre<\/u>\u00a0:<\/strong><\/td>\n<td>\n<ul>\n<li class=\"x_MsoNormal\">reprise du cours de FM 2C2\/2C3 de 18h \u00e0 19h30, salle Vivaldi, RdeC<\/li>\n<li class=\"x_MsoNormal\">reprise du cours de FM Adultes de 19h \u00e0 20h, salle Chopin, RdeC<\/li>\n<\/ul>\n<\/td>\n<\/tr>\n<tr>\n<td style=\"text-align: right;\"><strong><u>Mercredi 24 septembre<\/u>\u00a0:<\/strong><\/td>\n<td>reprise des ensembles de guitare classique 18h \u00e0 21h, salle Mozart, RdeC<\/td>\n<\/tr>\n<\/tbody>\n<\/table>\n<p>&nbsp;<\/p>\n<p class=\"x_MsoNormal\"><b><u>HORAIRES des cours de FM\u00a0: les cours ont lieu salle Vivaldi au RdeC<\/u><\/b><\/p>\n<table class=\"table-transparent\">\n<tbody>\n<tr>\n<td style=\"text-align: right;\"><b>1C1* :<\/b><\/td>\n<td>\n<ul>\n<li>mercredi 9h30 \u00e0 10h30 atelier lecture\/chant + 10h30 \u00e0 11h15 graines d\u2019orchestre<\/li>\n<li>mercredi 13h45 \u00e0 14h30 graines d\u2019orchestre + 14h30 \u00e0 15h30 atelier lecture\/chant<\/li>\n<\/ul>\n<\/td>\n<\/tr>\n<tr>\n<td style=\"text-align: right;\"><b>1C2* :<\/b><\/td>\n<td>\n<ul>\n<li>mercredi 10h30 \u00e0 11h30 atelier lecture\/chant + 11h30 \u00e0 12h15 graines d\u2019orchestre<\/li>\n<li>mercredi 14h30 \u00e0 15h15 graines d\u2019orchestre + 15h30 \u00e0 16h30 atelier lecture\/chant<\/li>\n<\/ul>\n<\/td>\n<\/tr>\n<tr>\n<td style=\"text-align: right;\"><b>1C3 :<\/b><\/td>\n<td>Atelier rythme 16h15 \u00e0 16h45 + atelier lecture\/chant 16h45\/17h45<\/td>\n<\/tr>\n<tr>\n<td style=\"text-align: right;\"><strong>1C4 :<\/strong><\/td>\n<td>Atelier rythme 17h15 \u00e0 17h45 + atelier lecture\/chant 17h45 \u00e0 18h45<\/td>\n<\/tr>\n<tr>\n<td style=\"text-align: right;\"><b>2C1* :<\/b><\/td>\n<td>Lundi de 18h \u00e0 19h30, salle Chopin, RdeCLigne 12<\/td>\n<\/tr>\n<tr>\n<td style=\"text-align: right;\"><b>2C2\/2C3* :<\/b><\/td>\n<td>Mardi de 18h \u00e0 19h30, salle Vivaldi, RdeC<\/td>\n<\/tr>\n<tr>\n<td style=\"text-align: right;\"><b>2C4 et 3C1* :<\/b><\/td>\n<td>Le samedi de 9h30 \u00e0 12h, sur planning (cours par modules- nouveau)<\/td>\n<\/tr>\n<tr>\n<td style=\"text-align: right;\"><b>FM adultes* :<\/b><\/td>\n<td>Le mardi de 19h \u00e0 20h<\/td>\n<\/tr>\n<\/tbody>\n<\/table>\n<p>*<em>certains horaires peuvent encore \u00eatre modifi\u00e9s ou compl\u00e9t\u00e9s<br \/>\n<\/em><\/p>\n","protected":false},"excerpt":{"rendered":"<p>&nbsp; &nbsp; &nbsp; Maison Anne Frank Avenue Brigitte Bardot 03 21 76 84 16 ecoledemusique@mairie-heninbeaumont.fr &nbsp; Horaires d&rsquo;accueil de secr\u00e9tariat : lundi de 8 h 30 \u00e0 12 h et de 13 h 30 \u00e0 17 h 30 mardi et vendredi de 8 h 30 \u00e0 12 h et de 13 h 30 \u00e0 17 [&hellip;]<\/p>\n","protected":false},"author":1,"featured_media":0,"parent":0,"menu_order":0,"comment_status":"closed","ping_status":"closed","template":"template-mairie.php","meta":{"footnotes":""},"class_list":["post-228","page","type-page","status-publish","hentry"],"_links":{"self":[{"href":"https:\/\/www.henin-beaumont.fr\/site\/wp-json\/wp\/v2\/pages\/228","targetHints":{"allow":["GET"]}}],"collection":[{"href":"https:\/\/www.henin-beaumont.fr\/site\/wp-json\/wp\/v2\/pages"}],"about":[{"href":"https:\/\/www.henin-beaumont.fr\/site\/wp-json\/wp\/v2\/types\/page"}],"author":[{"embeddable":true,"href":"https:\/\/www.henin-beaumont.fr\/site\/wp-json\/wp\/v2\/users\/1"}],"replies":[{"embeddable":true,"href":"https:\/\/www.henin-beaumont.fr\/site\/wp-json\/wp\/v2\/comments?post=228"}],"version-history":[{"count":56,"href":"https:\/\/www.henin-beaumont.fr\/site\/wp-json\/wp\/v2\/pages\/228\/revisions"}],"predecessor-version":[{"id":11236,"href":"https:\/\/www.henin-beaumont.fr\/site\/wp-json\/wp\/v2\/pages\/228\/revisions\/11236"}],"wp:attachment":[{"href":"https:\/\/www.henin-beaumont.fr\/site\/wp-json\/wp\/v2\/media?parent=228"}],"curies":[{"name":"wp","href":"https:\/\/api.w.org\/{rel}","templated":true}]}}